{"id":133590,"date":"2023-09-11T12:43:43","date_gmt":"2023-09-11T16:43:43","guid":{"rendered":"http:\/\/alexrighetto.art\/collezioni-alex\/perfectly-imperfect-collection\/"},"modified":"2024-02-11T16:35:27","modified_gmt":"2024-02-11T21:35:27","slug":"collezione-perfettamente-imperfetto","status":"publish","type":"page","link":"https:\/\/www.alexrighetto.art\/it\/collezioni\/collezione-perfettamente-imperfetto\/","title":{"rendered":"Collezione perfettamente imperfetto"},"content":{"rendered":"<div class=\"wpb-content-wrapper\"><p>[vc_row row_height_percent=&#8221;80&#8243; override_padding=&#8221;yes&#8221; h_padding=&#8221;2&#8243; top_padding=&#8221;5&#8243; bottom_padding=&#8221;5&#8243; back_color=&#8221;accent&#8221; back_image=&#8221;133401&#8243; overlay_color=&#8221;color-jevc&#8221; overlay_alpha=&#8221;61&#8243; equal_height=&#8221;yes&#8221; gutter_size=&#8221;3&#8243; column_width_percent=&#8221;100&#8243; shift_y=&#8221;0&#8243; z_index=&#8221;0&#8243; top_divider=&#8221;gradient&#8221; bottom_divider=&#8221;gradient&#8221; uncode_shortcode_id=&#8221;140384&#8243; back_color_type=&#8221;uncode-palette&#8221; overlay_color_type=&#8221;uncode-palette&#8221;][vc_column column_width_percent=&#8221;100&#8243; position_vertical=&#8221;bottom&#8221; gutter_size=&#8221;3&#8243; style=&#8221;dark&#8221; overlay_alpha=&#8221;50&#8243; shift_x=&#8221;0&#8243; shift_y=&#8221;0&#8243; shift_y_down=&#8221;0&#8243; z_index=&#8221;0&#8243; medium_width=&#8221;0&#8243; mobile_width=&#8221;0&#8243; width=&#8221;1\/1&#8243;][vc_row_inner row_inner_height_percent=&#8221;0&#8243; overlay_alpha=&#8221;50&#8243; gutter_size=&#8221;3&#8243; shift_y=&#8221;0&#8243; limit_content=&#8221;&#8221;][vc_column_inner column_width_percent=&#8221;100&#8243; gutter_size=&#8221;3&#8243; style=&#8221;dark&#8221; overlay_alpha=&#8221;50&#8243; shift_x=&#8221;0&#8243; shift_y=&#8221;0&#8243; shift_y_down=&#8221;0&#8243; z_index=&#8221;0&#8243; medium_width=&#8221;0&#8243; mobile_width=&#8221;0&#8243; css_animation=&#8221;alpha-anim&#8221; animation_delay=&#8221;200&#8243; width=&#8221;9\/12&#8243;][vc_custom_heading heading_semantic=&#8221;h6&#8243; text_size=&#8221;h6&#8243; text_transform=&#8221;uppercase&#8221; uncode_shortcode_id=&#8221;144971&#8243;]La nuova collezione[\/vc_custom_heading][vc_custom_heading heading_semantic=&#8221;h1&#8243; text_size=&#8221;fontsize-ultra-h1&#8243; css_animation=&#8221;alpha-anim&#8221; animation_delay=&#8221;400&#8243; uncode_shortcode_id=&#8221;313352&#8243;]Perfettamente Imperfetto[\/vc_custom_heading][vc_column_text uncode_shortcode_id=&#8221;766439&#8243;]<nav aria-label=\"breadcrumbs\" class=\"rank-math-breadcrumb\"><p><span class=\"last\">Home<\/span><\/p><\/nav>[\/vc_column_text][\/vc_column_inner][vc_column_inner width=&#8221;3\/12&#8243;][\/vc_column_inner][\/vc_row_inner][\/vc_column][\/vc_row][vc_row row_height_percent=&#8221;100&#8243; override_padding=&#8221;yes&#8221; h_padding=&#8221;2&#8243; top_padding=&#8221;7&#8243; bottom_padding=&#8221;5&#8243; back_color=&#8221;color-lxmt&#8221; overlay_alpha=&#8221;50&#8243; gutter_size=&#8221;3&#8243; column_width_percent=&#8221;100&#8243; shift_y=&#8221;0&#8243; z_index=&#8221;0&#8243; uncode_shortcode_id=&#8221;617057&#8243; back_color_type=&#8221;uncode-palette&#8221;][vc_column column_width_percent=&#8221;100&#8243; position_vertical=&#8221;middle&#8221; align_horizontal=&#8221;align_center&#8221; gutter_size=&#8221;3&#8243; overlay_alpha=&#8221;50&#8243; shift_x=&#8221;0&#8243; shift_y=&#8221;0&#8243; shift_y_down=&#8221;0&#8243; z_index=&#8221;0&#8243; medium_width=&#8221;0&#8243; mobile_width=&#8221;0&#8243; width=&#8221;1\/1&#8243; uncode_shortcode_id=&#8221;192441&#8243;][vc_custom_heading text_color=&#8221;accent&#8221; text_size=&#8221;h5&#8243; text_weight=&#8221;600&#8243; text_transform=&#8221;uppercase&#8221; uncode_shortcode_id=&#8221;121015&#8243; text_color_type=&#8221;uncode-palette&#8221;]A Proposito di questa collezione[\/vc_custom_heading][vc_custom_heading auto_text=&#8221;excerpt&#8221; text_weight=&#8221;400&#8243; text_height=&#8221;fontheight-281766&#8243; separator=&#8221;yes&#8221; separator_color=&#8221;yes&#8221; uncode_shortcode_id=&#8221;111957&#8243;]This is a custom heading element.[\/vc_custom_heading][\/vc_column][\/vc_row][vc_row row_height_percent=&#8221;0&#8243; override_padding=&#8221;yes&#8221; h_padding=&#8221;2&#8243; top_padding=&#8221;5&#8243; bottom_padding=&#8221;5&#8243; overlay_alpha=&#8221;50&#8243; gutter_size=&#8221;4&#8243; column_width_percent=&#8221;100&#8243; shift_y=&#8221;0&#8243; z_index=&#8221;0&#8243; inverted_device_order=&#8221;yes&#8221; uncode_shortcode_id=&#8221;810699&#8243;][vc_column column_width_percent=&#8221;100&#8243; position_horizontal=&#8221;left&#8221; position_vertical=&#8221;middle&#8221; gutter_size=&#8221;2&#8243; overlay_alpha=&#8221;50&#8243; shift_x=&#8221;0&#8243; shift_y=&#8221;3&#8243; shift_y_down=&#8221;0&#8243; z_index=&#8221;0&#8243; align_medium=&#8221;align_center_tablet&#8221; medium_width=&#8221;0&#8243; align_mobile=&#8221;align_center_mobile&#8221; mobile_width=&#8221;0&#8243; width=&#8221;5\/12&#8243; uncode_shortcode_id=&#8221;603214&#8243;][vc_custom_heading heading_semantic=&#8221;h3&#8243; text_size=&#8221;fontsize-ultra-h1&#8243; separator=&#8221;yes&#8221; separator_color=&#8221;yes&#8221; uncode_shortcode_id=&#8221;115093&#8243;]Donna senza nome[\/vc_custom_heading][vc_column_text uncode_shortcode_id=&#8221;100035&#8243;]In &#8220;Donna Senza Nome,&#8221; astrazione e figurazione si incontrano in un vortice caleidoscopico di colori e forme, delineando la somiglianza con un&#8217;entit\u00e0 femminile mantenendo al contempo un&#8217;oscurit\u00e0 intenzionale che cela la sua identit\u00e0. L&#8217;opera esplora le innumerevoli sfaccettature della femminilit\u00e0 attraverso una lente astratta, scegliendo di celebrare ogni tonalit\u00e0, ogni pennellata e ogni linea indefinita come testimonianza della natura multiforme della stessa femminilit\u00e0.[\/vc_column_text][vc_empty_space empty_h=&#8221;2&#8243;][vc_button button_color=&#8221;accent&#8221; border_width=&#8221;0&#8243; display=&#8221;inline&#8221; inline_mobile=&#8221;yes&#8221; scale_mobile=&#8221;no&#8221; link=&#8221;url:http%3A%2F%2Falexrighetto.art%2Fit%2Fprodotto%2Fdonna-senza-nome-ritratto-astratto-olio-su-tela%2F|&#8221; button_color_type=&#8221;uncode-palette&#8221; uncode_shortcode_id=&#8221;360062&#8243;]Guarda il dipinto[\/vc_button][\/vc_column][vc_column column_width_percent=&#8221;100&#8243; gutter_size=&#8221;3&#8243; overlay_alpha=&#8221;50&#8243; shift_x=&#8221;0&#8243; shift_y=&#8221;0&#8243; shift_y_down=&#8221;0&#8243; z_index=&#8221;0&#8243; medium_width=&#8221;0&#8243; mobile_width=&#8221;0&#8243; width=&#8221;7\/12&#8243;][vc_single_image media=&#8221;133419&#8243; media_width_percent=&#8221;100&#8243; media_ratio=&#8221;four-five&#8221; alignment=&#8221;center&#8221; css_animation=&#8221;alpha-anim&#8221; uncode_shortcode_id=&#8221;395185&#8243; media_link=&#8221;url:http%3A%2F%2Falexrighetto.art%2Fproduct%2Funnamed-woman-abstract-portrait-oil-on-canvas%2F&#8221;][\/vc_column][\/vc_row][vc_row row_height_percent=&#8221;0&#8243; override_padding=&#8221;yes&#8221; h_padding=&#8221;2&#8243; top_padding=&#8221;5&#8243; bottom_padding=&#8221;5&#8243; overlay_alpha=&#8221;50&#8243; gutter_size=&#8221;4&#8243; column_width_percent=&#8221;100&#8243; shift_y=&#8221;0&#8243; z_index=&#8221;0&#8243; el_class=&#8221;inverted-device-order&#8221; uncode_shortcode_id=&#8221;539124&#8243;][vc_column column_width_percent=&#8221;100&#8243; gutter_size=&#8221;3&#8243; overlay_alpha=&#8221;50&#8243; shift_x=&#8221;0&#8243; shift_y=&#8221;0&#8243; shift_y_down=&#8221;0&#8243; z_index=&#8221;0&#8243; medium_width=&#8221;0&#8243; mobile_width=&#8221;0&#8243; width=&#8221;7\/12&#8243; uncode_shortcode_id=&#8221;194510&#8243;][vc_single_image media=&#8221;133413&#8243; media_width_percent=&#8221;100&#8243; media_ratio=&#8221;four-five&#8221; alignment=&#8221;center&#8221; uncode_shortcode_id=&#8221;640037&#8243; media_link=&#8221;url:http%3A%2F%2Falexrighetto.art%2Fproduct%2Fblossom-abstract-portrait-oil-on-canvas%2F|title:Fading%20%E2%80%93%20%20Abstract%20Portrait%20%E2%80%93%20Oil%20on%20Canvas&#8221;][\/vc_column][vc_column column_width_percent=&#8221;100&#8243; position_horizontal=&#8221;right&#8221; position_vertical=&#8221;middle&#8221; gutter_size=&#8221;2&#8243; overlay_alpha=&#8221;50&#8243; shift_x=&#8221;0&#8243; shift_y=&#8221;0&#8243; shift_y_down=&#8221;0&#8243; z_index=&#8221;0&#8243; align_medium=&#8221;align_center_tablet&#8221; medium_width=&#8221;0&#8243; align_mobile=&#8221;align_center_mobile&#8221; mobile_width=&#8221;0&#8243; width=&#8221;5\/12&#8243; uncode_shortcode_id=&#8221;704747&#8243;][vc_custom_heading heading_semantic=&#8221;h3&#8243; text_size=&#8221;fontsize-ultra-h1&#8243; separator=&#8221;yes&#8221; separator_color=&#8221;yes&#8221; uncode_shortcode_id=&#8221;161406&#8243;]Fiorire[\/vc_custom_heading][vc_column_text uncode_shortcode_id=&#8221;654424&#8243;]Fiorire: Un Affascinante Capolavoro Verticale ad Olio su Tela &#8211; Parte della Collezione Perfettamente Imperfetto. Con dimensioni di circa 70 x 100 centimetri e inserito in un pregevole cornice flottante in legno bianco dall&#8217;Italia. Questa opera d&#8217;arte vanta una illustre storia di esposizioni presso la Gallerie Hemilton a Cannes, in Francia, e ora si trova in Italia.[\/vc_column_text][vc_empty_space empty_h=&#8221;2&#8243;][vc_button button_color=&#8221;accent&#8221; border_width=&#8221;0&#8243; display=&#8221;inline&#8221; inline_mobile=&#8221;yes&#8221; scale_mobile=&#8221;no&#8221; link=&#8221;url:http%3A%2F%2Falexrighetto.art%2Fit%2Fprodotto%2Ffiorire-ritratto-astratto-olio-su-tela%2F|title:Fiorire%20-%20Ritratto%20Astratto%20-%20Olio%20su%20Tela|&#8221; button_color_type=&#8221;uncode-palette&#8221; uncode_shortcode_id=&#8221;210155&#8243;]Guarda il dipinto[\/vc_button][\/vc_column][\/vc_row][vc_row row_height_percent=&#8221;0&#8243; override_padding=&#8221;yes&#8221; h_padding=&#8221;2&#8243; top_padding=&#8221;5&#8243; bottom_padding=&#8221;5&#8243; overlay_alpha=&#8221;50&#8243; gutter_size=&#8221;4&#8243; column_width_percent=&#8221;100&#8243; shift_y=&#8221;0&#8243; z_index=&#8221;0&#8243; inverted_device_order=&#8221;yes&#8221; uncode_shortcode_id=&#8221;209364&#8243; shape_dividers=&#8221;&#8221; row_name=&#8221;The Thinker&#8221;][vc_column column_width_percent=&#8221;100&#8243; position_horizontal=&#8221;left&#8221; position_vertical=&#8221;middle&#8221; gutter_size=&#8221;2&#8243; overlay_alpha=&#8221;50&#8243; shift_x=&#8221;0&#8243; shift_y=&#8221;3&#8243; shift_y_down=&#8221;0&#8243; z_index=&#8221;0&#8243; align_medium=&#8221;align_center_tablet&#8221; medium_width=&#8221;0&#8243; align_mobile=&#8221;align_center_mobile&#8221; mobile_width=&#8221;0&#8243; width=&#8221;5\/12&#8243; uncode_shortcode_id=&#8221;603214&#8243;][vc_custom_heading heading_semantic=&#8221;h3&#8243; text_size=&#8221;fontsize-ultra-h1&#8243; separator=&#8221;yes&#8221; separator_color=&#8221;yes&#8221; uncode_shortcode_id=&#8221;601599&#8243;]La Pensatrice[\/vc_custom_heading][vc_column_text uncode_shortcode_id=&#8221;459797&#8243;]La pensatrice: Un Ritratto Astratto ad Olio su Tela. Con dimensioni di circa 40 x 50 centimetri ed elegantemente incorniciato in una cornice flottante in legno bianco, quest&#8217;opera trova il suo posto all&#8217;interno della collezione Perfettamente Imperfetta. Ha adornato le rinomate pareti della Gallerie Hemilton a Cannes, in Francia, e ora si trova in Italia, dove continua a stimolare la riflessione e a ispirare la contemplazione.[\/vc_column_text][vc_empty_space empty_h=&#8221;2&#8243;][vc_button button_color=&#8221;accent&#8221; border_width=&#8221;0&#8243; display=&#8221;inline&#8221; inline_mobile=&#8221;yes&#8221; scale_mobile=&#8221;no&#8221; link=&#8221;url:http%3A%2F%2Falexrighetto.art%2Fit%2Fprodotto%2Fla-pensatrice-ritratto-astratto-olio-su-tela%2F|title:Progenitrice%20Dorata%20-%20Ritratto%20ad%20acquerello%20originale|&#8221; button_color_type=&#8221;uncode-palette&#8221; uncode_shortcode_id=&#8221;127146&#8243;]Guarda il dipinto[\/vc_button][\/vc_column][vc_column column_width_percent=&#8221;100&#8243; gutter_size=&#8221;3&#8243; overlay_alpha=&#8221;50&#8243; shift_x=&#8221;0&#8243; shift_y=&#8221;0&#8243; shift_y_down=&#8221;0&#8243; z_index=&#8221;0&#8243; medium_width=&#8221;0&#8243; mobile_width=&#8221;0&#8243; width=&#8221;7\/12&#8243;][vc_single_image media=&#8221;133401&#8243; media_width_percent=&#8221;100&#8243; media_ratio=&#8221;four-five&#8221; alignment=&#8221;center&#8221; css_animation=&#8221;alpha-anim&#8221; uncode_shortcode_id=&#8221;182985&#8243; media_link=&#8221;url:http%3A%2F%2Falexrighetto.art%2Fproduct%2Fthe-thinker-abstract-portrait-oil-on-canvas%2F|title:The%20Thinker%20%E2%80%93%20Abstract%20Portrait%20%E2%80%93%20Oil%20on%20Canvas&#8221;][\/vc_column][\/vc_row][vc_row row_height_percent=&#8221;0&#8243; override_padding=&#8221;yes&#8221; h_padding=&#8221;2&#8243; top_padding=&#8221;5&#8243; bottom_padding=&#8221;5&#8243; overlay_alpha=&#8221;50&#8243; gutter_size=&#8221;4&#8243; column_width_percent=&#8221;100&#8243; shift_y=&#8221;0&#8243; z_index=&#8221;0&#8243; el_class=&#8221;inverted-device-order&#8221; uncode_shortcode_id=&#8221;539124&#8243;][vc_column column_width_percent=&#8221;100&#8243; gutter_size=&#8221;3&#8243; overlay_alpha=&#8221;50&#8243; shift_x=&#8221;0&#8243; shift_y=&#8221;0&#8243; shift_y_down=&#8221;0&#8243; z_index=&#8221;0&#8243; medium_width=&#8221;0&#8243; mobile_width=&#8221;0&#8243; width=&#8221;7\/12&#8243; uncode_shortcode_id=&#8221;194510&#8243;][vc_single_image media=&#8221;133407&#8243; media_width_percent=&#8221;100&#8243; media_ratio=&#8221;four-five&#8221; alignment=&#8221;center&#8221; uncode_shortcode_id=&#8221;581380&#8243; media_link=&#8221;url:http%3A%2F%2Falexrighetto.art%2Fproduct%2Fblossom-abstract-portrait-oil-on-canvas%2F&#8221;][\/vc_column][vc_column column_width_percent=&#8221;100&#8243; position_horizontal=&#8221;right&#8221; position_vertical=&#8221;middle&#8221; gutter_size=&#8221;2&#8243; overlay_alpha=&#8221;50&#8243; shift_x=&#8221;0&#8243; shift_y=&#8221;0&#8243; shift_y_down=&#8221;0&#8243; z_index=&#8221;0&#8243; align_medium=&#8221;align_center_tablet&#8221; medium_width=&#8221;0&#8243; align_mobile=&#8221;align_center_mobile&#8221; mobile_width=&#8221;0&#8243; width=&#8221;5\/12&#8243; uncode_shortcode_id=&#8221;489912&#8243;][vc_custom_heading heading_semantic=&#8221;h3&#8243; text_size=&#8221;fontsize-ultra-h1&#8243; separator=&#8221;yes&#8221; separator_color=&#8221;yes&#8221; uncode_shortcode_id=&#8221;174126&#8243;]Svanire[\/vc_custom_heading][vc_column_text uncode_shortcode_id=&#8221;180440&#8243;]Svanire: Una Reverie Senza Tempo in Olio su Tela, con dimensioni di circa 70 x 100 centimetri.&#8221; Un&#8217;aggiunta preziosa alla collezione Perfettamente Imperfetta, questo capolavoro ha decorato i corridoi della Gallerie Hemilton a Cannes, in Francia, condividendo la sua storia. Incorniciato in una cornice flottante in legno bianco, attualmente si trova in Italia.[\/vc_column_text][vc_empty_space empty_h=&#8221;2&#8243;][vc_button button_color=&#8221;accent&#8221; border_width=&#8221;0&#8243; display=&#8221;inline&#8221; inline_mobile=&#8221;yes&#8221; scale_mobile=&#8221;no&#8221; link=&#8221;url:http%3A%2F%2Falexrighetto.art%2Fit%2Fprodotto%2Fsvanire-ritratto-astratto-olio-su-tela%2F|title:Progenitrice%20Dorata%20-%20Ritratto%20ad%20acquerello%20originale|&#8221; button_color_type=&#8221;uncode-palette&#8221; uncode_shortcode_id=&#8221;185042&#8243;]Guarda il dipinto[\/vc_button][\/vc_column][\/vc_row][vc_row row_height_percent=&#8221;0&#8243; override_padding=&#8221;yes&#8221; h_padding=&#8221;2&#8243; top_padding=&#8221;5&#8243; bottom_padding=&#8221;5&#8243; overlay_alpha=&#8221;50&#8243; gutter_size=&#8221;4&#8243; column_width_percent=&#8221;100&#8243; shift_y=&#8221;0&#8243; z_index=&#8221;0&#8243; inverted_device_order=&#8221;yes&#8221; uncode_shortcode_id=&#8221;810699&#8243;][vc_column column_width_percent=&#8221;100&#8243; position_horizontal=&#8221;left&#8221; position_vertical=&#8221;middle&#8221; gutter_size=&#8221;2&#8243; overlay_alpha=&#8221;50&#8243; shift_x=&#8221;0&#8243; shift_y=&#8221;3&#8243; shift_y_down=&#8221;0&#8243; z_index=&#8221;0&#8243; align_medium=&#8221;align_center_tablet&#8221; medium_width=&#8221;0&#8243; align_mobile=&#8221;align_center_mobile&#8221; mobile_width=&#8221;0&#8243; width=&#8221;5\/12&#8243; uncode_shortcode_id=&#8221;603214&#8243;][vc_custom_heading heading_semantic=&#8221;h3&#8243; text_size=&#8221;fontsize-ultra-h1&#8243; separator=&#8221;yes&#8221; separator_color=&#8221;yes&#8221; uncode_shortcode_id=&#8221;202660&#8243;]Echi della Memoria[\/vc_custom_heading][vc_column_text uncode_shortcode_id=&#8221;209707&#8243;]<strong>Echi della Memoria<\/strong>: Un Capolavoro in Olio su Tavola, con dimensioni di 47,8 x 78 cm. Questa suggestiva creazione proviene dalla prestigiosa collezione Perfettamente Imperfetto. Incorniciato alla perfezione, porta avanti la sua narrazione attraverso il tempo e lo spazio. Con una storia che comprende una prestigiosa mostra presso Art Expo Sanremo Italia 2023, questo lavoro riecheggia con echi di memoria che perdurano a lungo dopo la visione.[\/vc_column_text][vc_empty_space empty_h=&#8221;2&#8243;][vc_button button_color=&#8221;accent&#8221; border_width=&#8221;0&#8243; display=&#8221;inline&#8221; inline_mobile=&#8221;yes&#8221; scale_mobile=&#8221;no&#8221; link=&#8221;url:http%3A%2F%2Falexrighetto.art%2Fit%2Fprodotto%2Fechi-di-memoria-olio-su-tela%2F|title:Progenitrice%20Dorata%20-%20Ritratto%20ad%20acquerello%20originale|&#8221; button_color_type=&#8221;uncode-palette&#8221; uncode_shortcode_id=&#8221;140456&#8243;]Guarda il dipinto[\/vc_button][\/vc_column][vc_column column_width_percent=&#8221;100&#8243; gutter_size=&#8221;3&#8243; overlay_alpha=&#8221;50&#8243; shift_x=&#8221;0&#8243; shift_y=&#8221;0&#8243; shift_y_down=&#8221;0&#8243; z_index=&#8221;0&#8243; medium_width=&#8221;0&#8243; mobile_width=&#8221;0&#8243; width=&#8221;7\/12&#8243;][vc_single_image media=&#8221;133466&#8243; media_width_percent=&#8221;100&#8243; media_ratio=&#8221;four-five&#8221; alignment=&#8221;center&#8221; css_animation=&#8221;alpha-anim&#8221; uncode_shortcode_id=&#8221;421782&#8243; media_link=&#8221;url:http%3A%2F%2Falexrighetto.art%2Fproduct%2Fechoes-of-memory-oil-on-canvas%2F&#8221;][\/vc_column][\/vc_row][vc_row][vc_column width=&#8221;1\/1&#8243;][uncode_block id=&#8221;134375&#8243;][\/vc_column][\/vc_row]<\/p>\n<\/div>","protected":false},"excerpt":{"rendered":"<p>Attraverso abili pennellate, questa raccolta esplora l&#8217;essenza della bellezza effimera, celebrando le imperfezioni che rendono la vita autenticamente straordinaria.<\/p>\n","protected":false},"author":13,"featured_media":133543,"parent":133576,"menu_order":0,"comment_status":"closed","ping_status":"closed","template":"","meta":{"_acf_changed":false,"_lmt_disableupdate":"","_lmt_disable":"","footnotes":""},"class_list":["post-133590","page","type-page","status-publish","has-post-thumbnail","hentry","page_category-collezioni"],"acf":[],"_links":{"self":[{"href":"https:\/\/www.alexrighetto.art\/it\/wp-json\/wp\/v2\/pages\/133590","targetHints":{"allow":["GET"]}}],"collection":[{"href":"https:\/\/www.alexrighetto.art\/it\/wp-json\/wp\/v2\/pages"}],"about":[{"href":"https:\/\/www.alexrighetto.art\/it\/wp-json\/wp\/v2\/types\/page"}],"author":[{"embeddable":true,"href":"https:\/\/www.alexrighetto.art\/it\/wp-json\/wp\/v2\/users\/13"}],"replies":[{"embeddable":true,"href":"https:\/\/www.alexrighetto.art\/it\/wp-json\/wp\/v2\/comments?post=133590"}],"version-history":[{"count":0,"href":"https:\/\/www.alexrighetto.art\/it\/wp-json\/wp\/v2\/pages\/133590\/revisions"}],"up":[{"embeddable":true,"href":"https:\/\/www.alexrighetto.art\/it\/wp-json\/wp\/v2\/pages\/133576"}],"wp:featuredmedia":[{"embeddable":true,"href":"https:\/\/www.alexrighetto.art\/it\/wp-json\/wp\/v2\/media\/133543"}],"wp:attachment":[{"href":"https:\/\/www.alexrighetto.art\/it\/wp-json\/wp\/v2\/media?parent=133590"}],"curies":[{"name":"wp","href":"https:\/\/api.w.org\/{rel}","templated":true}]}}